{"id":3867,"date":"2018-02-07T15:36:28","date_gmt":"2018-02-07T13:36:28","guid":{"rendered":"https:\/\/microspore.gr\/?page_id=3867"},"modified":"2021-06-01T12:30:06","modified_gmt":"2021-06-01T09:30:06","slug":"sublic","status":"publish","type":"page","link":"https:\/\/comerco.gr\/de\/sublic\/","title":{"rendered":"Sublic"},"content":{"rendered":"<div class=\"wpb-content-wrapper\"><p>[vc_row][vc_column][vc_column_text css_animation=&#8221;left-to-right&#8221; css=&#8221;.vc_custom_1467213450842{border-bottom-width: 40px !important;}&#8221;]<img loading=\"lazy\" decoding=\"async\" class=\"size-full wp-image-1891 alignnone\" src=\"https:\/\/comerco.gr\/wp-content\/uploads\/linee-greenspore.jpg\" alt=\"linee-greenspore\" width=\"832\" height=\"72\" \/>[\/vc_column_text][\/vc_column][\/vc_row][vc_row css=&#8221;.vc_custom_1467216387723{padding-top: 40px !important;}&#8221;][vc_column width=&#8221;1\/4&#8243;][vc_column_text]<\/p>\n<h1><span style=\"color: #000000;\">Sublic<\/span><\/h1>\n<p>[\/vc_column_text][\/vc_column][vc_column width=&#8221;1\/4&#8243;][vc_column_text]<img loading=\"lazy\" decoding=\"async\" class=\"alignleft size-full wp-image-1960\" src=\"https:\/\/comerco.gr\/wp-content\/uploads\/Agricaltura-biologica.jpg\" alt=\"Agricaltura-biologica\" width=\"58\" height=\"58\" srcset=\"https:\/\/comerco.gr\/wp-content\/uploads\/Agricaltura-biologica.jpg 58w, https:\/\/comerco.gr\/wp-content\/uploads\/Agricaltura-biologica-50x50.jpg 50w\" sizes=\"auto, (max-width: 58px) 100vw, 58px\" \/>\u00a0 <img loading=\"lazy\" decoding=\"async\" class=\"alignleft size-full wp-image-1959\" src=\"https:\/\/comerco.gr\/wp-content\/uploads\/Agricaltura-BIO.jpg\" alt=\"Agricaltura-BIO\" width=\"98\" height=\"62\" \/>[\/vc_column_text][\/vc_column][vc_column width=&#8221;1\/4&#8243;][\/vc_column][vc_column width=&#8221;1\/4&#8243; css=&#8221;.vc_custom_1467216523041{padding-top: 10px !important;}&#8221;][\/vc_column][\/vc_row][vc_row][vc_column][vc_column_text]<strong>DIE L\u00d6SUNG F\u00dcR DIE PR\u00c4VENTION VON BIOTISCHEM UND ABIOTISCHEM STRESS<\/strong>[\/vc_column_text][\/vc_column][\/vc_row][vc_row css=&#8221;.vc_custom_1467217509367{padding-top: 40px !important;}&#8221;][vc_column][vc_column_text]<strong>MERKMALE<\/strong><\/p>\n<p>SUBLIC ist ein Produkt, das entwickelt wurde, um das Gleichgewicht der Mikroflora des Blattwerks wiederherzustellen und dem Stress durch Hitze und Wassermangel oder der Belastung durch Mikroorganismen zu begegnen; SUBLIC Liena Activator wird sowohl von den Bl\u00e4ttern als auch von dem Wurzelsystem der Pflanze aufgenommen, was den Einsatz unter verschiedenen Anbaubedingungen zul\u00e4sst.<br \/>\nDer Einsatz des Produkts hat positive Effekte, die wesentlich zur Vorbeugung von Stress durch verschiedene Faktoren beitragen, einschlie\u00dflich des Befalls mit Botrytis sp. Essigf\u00e4ule, Erwinia amylovora, Rhizoctonia sp., Colletotrichum sp., Sclerotinia sp., Phomopsis sp.<\/p>\n<p><strong>DOSIERUNG UND VERWENDUNG<\/strong><\/p>\n<table style=\"width: 100%; border-color: #ffffff;\" border=\"2\" cellspacing=\"2\">\n<tbody>\n<tr style=\"height: 24px;\">\n<td style=\"width: 110.517px; background-color: #59bd7b; border-color: #ffffff; height: 24px;\"><strong>KULTUR<\/strong><\/td>\n<td style=\"width: 10px; background-color: #59bd7b; border-color: #ffffff; height: 24px;\"><strong>DOSIERUNG<\/strong><\/td>\n<td style=\"width: 248px; background-color: #59bd7b; border-color: #ffffff; height: 24px;\"><strong>ANWENDUNGSZEITRAUM UND EMPFEHLUNGEN<\/strong><\/td>\n<\/tr>\n<tr style=\"height: 24px;\">\n<td style=\"width: 110.517px; background-color: #cfe9d4; border-color: #ffffff; height: 24px; text-align: left; vertical-align: top;\">Gem\u00fcse in Gew\u00e4chsh\u00e4usern und in Freilandkulturen.<\/td>\n<td style=\"width: 10px; background-color: #cfe9d4; border-color: #ffffff; height: 24px; text-align: left; vertical-align: top;\">200 ml\/100 l<br \/>\nWasser<\/td>\n<td style=\"width: 248px; background-color: #cfe9d4; border-color: #ffffff; height: 24px; text-align: left; vertical-align: top;\">Durchfeuchten des Wurzelsystems: Eintauchen oder N\u00e4ssen der W\u00fcrfel oder Trays f\u00fcr die Steck- oder Keimlinge einige Minuten vor dem Umpflanzen (Bl\u00e4tter nicht mit dem Produkt benetzen).<\/td>\n<\/tr>\n<tr style=\"background-color: #ffffff; height: 24px;\">\n<td style=\"width: 110.517px; background-color: #ffffff; border-color: #ffffff; height: 24px; text-align: left; vertical-align: top;\">Gem\u00fcse im Gew\u00e4chshaus<\/td>\n<td style=\"width: 10px; background-color: #ffffff; border-color: #ffffff; height: 24px; text-align: left; vertical-align: top;\">200 ml\/1000 s.m.<\/td>\n<td style=\"width: 248px; background-color: #ffffff; border-color: #ffffff; height: 24px; text-align: left; vertical-align: top;\">2-3 d\u00fcngende Bew\u00e4sserungen w\u00e4hrend des Gesamtzyklus.<\/td>\n<\/tr>\n<tr style=\"height: 24px;\">\n<td style=\"width: 110.517px; background-color: #cfe9d4; border-color: #ffffff; height: 24px; text-align: left; vertical-align: top;\">Fruchtgem\u00fcse (Blattanwendung)<\/td>\n<td style=\"width: 10px; background-color: #cfe9d4; border-color: #ffffff; height: 24px; text-align: left; vertical-align: top;\">200 ml\/100 l<br \/>\nWasser<\/td>\n<td style=\"width: 248px; background-color: #cfe9d4; border-color: #ffffff; height: 24px; text-align: left; vertical-align: top;\">3-4 Blattanwendungen von der Bl\u00fctezeit bis zur Ernte<\/td>\n<\/tr>\n<tr style=\"height: 24px;\">\n<td style=\"width: 110.517px; background-color: #ffffff; border-color: #ffffff; height: 24px; text-align: left; vertical-align: top;\">Obstb\u00e4ume allgemein und Zierb\u00e4ume<\/td>\n<td style=\"width: 10px; background-color: #ffffff; border-color: #ffffff; height: 24px; text-align: left; vertical-align: top;\">0,2 l\/1000 m\u00b2<\/td>\n<td style=\"width: 248px; background-color: #ffffff; border-color: #ffffff; height: 24px; text-align: left; vertical-align: top;\">2-3 Anwendungen bei der d\u00fcngenden Bew\u00e4sserung w\u00e4hrend der Produktionsperiode. Nach der Aktivierung mit Nuryaction (*) fahren Sie mit der \u00fcblichen d\u00fcngenden Bew\u00e4sserung fort.<\/td>\n<\/tr>\n<tr style=\"height: 24px;\">\n<td style=\"width: 110.517px; background-color: #cfe9d4; border-color: #ffffff; height: 24px; text-align: left; vertical-align: top;\">Kernobst, Steinobst allgemein (Pfirsichbaum, Aprikosenbaum, usw.)<\/td>\n<td style=\"width: 10px; background-color: #cfe9d4; border-color: #ffffff; height: 24px; text-align: left; vertical-align: top;\">0,2-0,25 l\/1000 m\u00b2<\/td>\n<td style=\"width: 248px; background-color: #cfe9d4; border-color: #ffffff; height: 24px; text-align: left; vertical-align: top;\">3-4 Blattanwendungen 15 Tage nach dem Fruchtwachstum<\/td>\n<\/tr>\n<tr style=\"height: 24px;\">\n<td style=\"width: 110.517px; background-color: #ffffff; border-color: #ffffff; height: 24px; text-align: left; vertical-align: top;\">Nussbaum<\/td>\n<td style=\"width: 10px; background-color: #ffffff; border-color: #ffffff; height: 24px; text-align: left; vertical-align: top;\">0,2-0,25 l\/1000 m\u00b2<\/td>\n<td style=\"width: 248px; background-color: #ffffff; border-color: #ffffff; height: 24px; text-align: left; vertical-align: top;\">Blattanwendung bis zur Schalenbildung<\/td>\n<\/tr>\n<tr style=\"height: 24px;\">\n<td style=\"width: 110.517px; background-color: #cfe9d4; border-color: #ffffff; height: 24px; text-align: left; vertical-align: top;\">Rebst\u00f6cke<\/td>\n<td style=\"width: 10px; background-color: #cfe9d4; border-color: #ffffff; height: 24px; text-align: left; vertical-align: top;\">0,12-0,15 l\/1000<br \/>\nm\u00b2<\/td>\n<td style=\"width: 248px; background-color: #cfe9d4; border-color: #ffffff; height: 24px; text-align: left; vertical-align: top;\">2-3 Blattanwendungen von der vollen Bl\u00fcte bis zum Beginn der Reifung (15 Tage vor der Ernte)<\/td>\n<\/tr>\n<tr style=\"height: 24px;\">\n<td style=\"width: 110.517px; background-color: #ffffff; border-color: #ffffff; height: 24px; text-align: left; vertical-align: top;\">Wintergetreide (Weizen, Gerste usw.)<\/td>\n<td style=\"width: 10px; background-color: #ffffff; border-color: #ffffff; height: 24px; text-align: left; vertical-align: top;\">0,15-0,2 l\/1000 m\u00b2<\/td>\n<td style=\"width: 248px; background-color: #ffffff; border-color: #ffffff; height: 24px; text-align: left; vertical-align: top;\">Eingriff w\u00e4hrend der letzten Blattphase.<\/td>\n<\/tr>\n<tr style=\"height: 24px;\">\n<td style=\"width: 110.517px; background-color: #cfe9d4; border-color: #ffffff; height: 24px; text-align: left; vertical-align: top;\">Bestehende Rasenfl\u00e4chen<\/td>\n<td style=\"width: 10px; background-color: #cfe9d4; border-color: #ffffff; height: 24px; text-align: left; vertical-align: top;\">0,3 l\/1000 m\u00b2<\/td>\n<td style=\"width: 248px; background-color: #cfe9d4; border-color: #ffffff; height: 24px; text-align: left; vertical-align: top;\">1-2 Eingriffe mit dem Spr\u00fchstab zum Ende<br \/>\nder Vegetationsperiode (Oktober) bei niedrigeren Temperaturen.<\/td>\n<\/tr>\n<tr style=\"height: 24px;\">\n<td style=\"width: 110.517px; border-color: #ffffff; height: 24px; text-align: left; vertical-align: top;\" colspan=\"3\">Hinweis: (*) Die Wirkung des Pr\u00e4parats wird durch die gleichzeitige Verwendung von Nutryaction beg\u00fcnstigt.<\/td>\n<\/tr>\n<\/tbody>\n<\/table>\n<p>&nbsp;<\/p>\n<p>Ihr Agronom, der \u00fcber die Einzelheiten ihrer Kultur Bescheid wei\u00df, kann Ihnen die n\u00f6tige Dosierung empfehlen.[\/vc_column_text][vc_row_inner][vc_column_inner][vc_column_text css=&#8221;.vc_custom_1518014312916{margin-top: -40px !important;}&#8221;]<\/p>\n<table style=\"width: 100%; height: 163px; border: 0px;\">\n<tbody>\n<tr>\n<td style=\"width: 89.2457%; vertical-align: bottom; border: 0px none; text-align: right;\"><strong>PACKUNGSGR\u00d6SSEN: Flasche 200 ml und 1 l\u00a0<\/strong><\/td>\n<td style=\"width: 10%; border: 0px;\"><img loading=\"lazy\" decoding=\"async\" class=\"size-full wp-image-2084 alignright\" src=\"https:\/\/comerco.gr\/wp-content\/uploads\/bottle.jpg\" alt=\"bottle\" width=\"72\" height=\"166\" \/><\/td>\n<\/tr>\n<\/tbody>\n<\/table>\n<p>[\/vc_column_text][\/vc_column_inner][\/vc_row_inner][\/vc_column][\/vc_row][vc_row css=&#8221;.vc_custom_1467308452976{padding-top: 40px !important;}&#8221;][vc_column][vc_btn title=&#8221;Zur\u00fcck in Greenspore&#8221; color=&#8221;success&#8221; css_animation=&#8221;left-to-right&#8221; link=&#8221;url:https%3A%2F%2Fcomerco.gr%2Fde%2Fprodukte%2Fgreenspore%2F|title:Greenspore|&#8221;][\/vc_column][\/vc_row]<\/p>\n<\/div>","protected":false},"excerpt":{"rendered":"<p>[vc_row][vc_column][vc_column_text css_animation=&#8221;left-to-right&#8221; css=&#8221;.vc_custom_1467213450842{border-bottom-width: 40px !important;}&#8221;][\/vc_column_text][\/vc_column][\/vc_row][vc_row css=&#8221;.vc_custom_1467216387723{padding-top: 40px !important;}&#8221;][vc_column width=&#8221;1\/4&#8243;][vc_column_text] Sublic [\/vc_column_text][\/vc_column][vc_column width=&#8221;1\/4&#8243;][vc_column_text]\u00a0 [\/vc_column_text][\/vc_column][vc_column width=&#8221;1\/4&#8243;][\/vc_column][vc_column width=&#8221;1\/4&#8243; css=&#8221;.vc_custom_1467216523041{padding-top: 10px !important;}&#8221;][\/vc_column][\/vc_row][vc_row][vc_column][vc_column_text]DIE L\u00d6SUNG F\u00dcR DIE PR\u00c4VENTION VON BIOTISCHEM UND ABIOTISCHEM STRESS[\/vc_column_text][\/vc_column][\/vc_row][vc_row css=&#8221;.vc_custom_1467217509367{padding-top: 40px !important;}&#8221;][vc_column][vc_column_text]MERKMALE SUBLIC ist ein Produkt, das entwickelt wurde, um das Gleichgewicht der Mikroflora des Blattwerks wiederherzustellen und dem Stress durch Hitze und Wassermangel oder der Belastung<\/p>\n","protected":false},"author":4,"featured_media":0,"parent":0,"menu_order":0,"comment_status":"closed","ping_status":"closed","template":"","meta":{"footnotes":""},"class_list":["post-3867","page","type-page","status-publish","hentry"],"_links":{"self":[{"href":"https:\/\/comerco.gr\/de\/wp-json\/wp\/v2\/pages\/3867","targetHints":{"allow":["GET"]}}],"collection":[{"href":"https:\/\/comerco.gr\/de\/wp-json\/wp\/v2\/pages"}],"about":[{"href":"https:\/\/comerco.gr\/de\/wp-json\/wp\/v2\/types\/page"}],"author":[{"embeddable":true,"href":"https:\/\/comerco.gr\/de\/wp-json\/wp\/v2\/users\/4"}],"replies":[{"embeddable":true,"href":"https:\/\/comerco.gr\/de\/wp-json\/wp\/v2\/comments?post=3867"}],"version-history":[{"count":5,"href":"https:\/\/comerco.gr\/de\/wp-json\/wp\/v2\/pages\/3867\/revisions"}],"predecessor-version":[{"id":3949,"href":"https:\/\/comerco.gr\/de\/wp-json\/wp\/v2\/pages\/3867\/revisions\/3949"}],"wp:attachment":[{"href":"https:\/\/comerco.gr\/de\/wp-json\/wp\/v2\/media?parent=3867"}],"curies":[{"name":"wp","href":"https:\/\/api.w.org\/{rel}","templated":true}]}}